{"id":3745,"date":"2017-04-25T08:17:00","date_gmt":"2017-04-25T08:17:00","guid":{"rendered":"http:\/\/www.marbellaskycorp.com\/web\/?page_id=3745\/"},"modified":"2020-03-18T08:02:06","modified_gmt":"2020-03-18T08:02:06","slug":"propierties-for-sale","status":"publish","type":"page","link":"https:\/\/www.marbellaskycorp.com\/en\/properties\/propierties-for-sale\/","title":{"rendered":"PROPERTIES FOR SALE"},"content":{"rendered":"<p>[vc_row][vc_column][vc_empty_space height=&#8221;60px&#8221;][vc_column_text]<\/p>\n<h1 style=\"text-align: center;\"><span style=\"font-weight: 100;\">PROPERTIES<\/span>\u00a0FOR SALE<\/h1>\n<h5 style=\"text-align: center; font-size: 12px; color: #666666;\">MIJAS COSTA &#8211; MARBELLA &#8211; GUADALMINA &#8211; LA MILLA DE ORO &#8211; NUEVA ANDALUC\u00cdA &#8211; SAN PEDRO DE ALC\u00c1NTARA &#8211; PUERTO BAN\u00daS<br \/>\nCASASOLA &#8211; BENAHAVIS &#8211; LA ALQUER\u00cdA &#8211; LA QUINTA &#8211; LOS FLAMINGOS &#8211; EL MADRO\u00d1AL &#8211; ESTEPONA &#8211; LA ZAGALETA &#8211; CASARES<\/h5>\n<p>[\/vc_column_text][\/vc_column][\/vc_row][vc_row][vc_column][vc_column_text]\t\t<div id=\"properties_module_section\" class=\"houzez-module property-item-module\">\r\n\t\t\t<div id=\"properties_module_container\">\r\n\t\t\t\t<div id=\"module_properties\" class=\"property-listing grid-view\">\r\n\r\n\t\t\t\t\t\n<div id=\"ID-125819\" class=\"item-wrap infobox_trigger item-apartment-in-the-sought-after-luxury-complex-of-embrujo-de-banus-puerto-banus-marbella\">\n    <div class=\"property-item table-list\">\n        <div class=\"table-cell\">\n            <div class=\"figure-block\">\n                <figure class=\"item-thumb\">\n\n                    \n                    <div class=\"label-wrap label-right hide-on-list\">\n                        <span class=\"label-status label-status-429 label label-default\">Beach Zone<\/span><span class=\"label label-default label-color-588\">Apartments<\/span>                    <\/div>\n\n                    <div class=\"price hide-on-list\"><span class=\"item-price\">1,250,000 \u20ac<\/span><\/div>\n                    <a class=\"hover-effect\" href=\"https:\/\/www.marbellaskycorp.com\/en\/propierty\/apartment-in-the-sought-after-luxury-complex-of-embrujo-de-banus-puerto-banus-marbella\/\">\n                        <img loading=\"lazy\" decoding=\"async\" width=\"385\" height=\"258\" src=\"https:\/\/www.marbellaskycorp.com\/wp-content\/uploads\/2026\/04\/1-385x258.jpg\" class=\"attachment-houzez-property-thumb-image size-houzez-property-thumb-image wp-post-image\" alt=\"\" srcset=\"https:\/\/www.marbellaskycorp.com\/wp-content\/uploads\/2026\/04\/1-385x258.jpg 385w, https:\/\/www.marbellaskycorp.com\/wp-content\/uploads\/2026\/04\/1-300x200.jpg 300w, https:\/\/www.marbellaskycorp.com\/wp-content\/uploads\/2026\/04\/1-1024x683.jpg 1024w, https:\/\/www.marbellaskycorp.com\/wp-content\/uploads\/2026\/04\/1-768x512.jpg 768w, https:\/\/www.marbellaskycorp.com\/wp-content\/uploads\/2026\/04\/1-1536x1025.jpg 1536w, https:\/\/www.marbellaskycorp.com\/wp-content\/uploads\/2026\/04\/1-2048x1366.jpg 2048w, https:\/\/www.marbellaskycorp.com\/wp-content\/uploads\/2026\/04\/1-150x100.jpg 150w\" sizes=\"auto, (max-width: 385px) 100vw, 385px\" \/>                    <\/a>\n                                    <\/figure>\n            <\/div>\n        <\/div>\n        <div class=\"item-body table-cell\">\n\n            <div class=\"body-left table-cell\">\n                <div class=\"info-row\">\n                    <div class=\"label-wrap hide-on-grid\">\n                        <span class=\"label-status label-status-429 label label-default\">Beach Zone<\/span><span class=\"label label-default label-color-588\">Apartments<\/span>                    <\/div>\n                    <h2 class=\"property-title\"><a href=\"https:\/\/www.marbellaskycorp.com\/en\/propierty\/apartment-in-the-sought-after-luxury-complex-of-embrujo-de-banus-puerto-banus-marbella\/\">Apartment in the Sought-After Luxury Complex of Embrujo de Ban\u00fas, Puerto Banus &#8211; Marbella<\/a><\/h2>                <\/div>\n                <div class=\"info-row amenities hide-on-grid\">\n                    <p><span>Beds: 2<\/span><span>Baths: 3<\/span><\/p>                    <p>Properties for sale<\/p>\n                <\/div>\n\n                \n            <\/div>\n            <div class=\"body-right table-cell hidden-gird-cell\">\n\n                <div class=\"info-row price\"><span class=\"item-price\">1,250,000 \u20ac<\/span><\/div>\n\n                <div class=\"info-row phone text-right\">\n                    <a href=\"https:\/\/www.marbellaskycorp.com\/en\/propierty\/apartment-in-the-sought-after-luxury-complex-of-embrujo-de-banus-puerto-banus-marbella\/\" class=\"btn btn-primary\">Details <i class=\"fa fa-angle-right fa-right\"><\/i><\/a>\n                <\/div>\n            <\/div>\n\n            <div class=\"table-list full-width hide-on-list\">\n                <div class=\"cell\">\n                    <div class=\"info-row amenities\">\n                        <p><span>Beds: 2<\/span><span>Baths: 3<\/span><\/p>                        <p>Properties for sale<\/p>\n\n                    <\/div>\n                <\/div>\n                <div class=\"cell\">\n                    <div class=\"phone\">\n                        <a href=\"https:\/\/www.marbellaskycorp.com\/en\/propierty\/apartment-in-the-sought-after-luxury-complex-of-embrujo-de-banus-puerto-banus-marbella\/\" class=\"btn btn-primary\"> Details <i class=\"fa fa-angle-right fa-right\"><\/i><\/a>\n                    <\/div>\n                <\/div>\n            <\/div>\n        <\/div>\n    <\/div>\n\n    \n<\/div>\n<div id=\"ID-125656\" class=\"item-wrap infobox_trigger item-elegant-masterpiece-in-elviria-with-panoramic-sea-views\">\n    <div class=\"property-item table-list\">\n        <div class=\"table-cell\">\n            <div class=\"figure-block\">\n                <figure class=\"item-thumb\">\n\n                    \n                    <div class=\"label-wrap label-right hide-on-list\">\n                        <span class=\"label-status label-status-427 label label-default\">Golf Zone<\/span><span class=\"label-status label-status-428 label label-default\">Mountains Zone<\/span><span class=\"label label-default label-color-598\">Villas<\/span>                    <\/div>\n\n                    <div class=\"price hide-on-list\"><span class=\"item-price\">4,750,000 \u20ac<\/span><\/div>\n                    <a class=\"hover-effect\" href=\"https:\/\/www.marbellaskycorp.com\/en\/propierty\/elegant-masterpiece-in-elviria-with-panoramic-sea-views\/\">\n                        <img loading=\"lazy\" decoding=\"async\" width=\"385\" height=\"258\" src=\"https:\/\/www.marbellaskycorp.com\/wp-content\/uploads\/2026\/03\/VillaEmber_01-385x258.jpg\" class=\"attachment-houzez-property-thumb-image size-houzez-property-thumb-image wp-post-image\" alt=\"\" \/>                    <\/a>\n                                    <\/figure>\n            <\/div>\n        <\/div>\n        <div class=\"item-body table-cell\">\n\n            <div class=\"body-left table-cell\">\n                <div class=\"info-row\">\n                    <div class=\"label-wrap hide-on-grid\">\n                        <span class=\"label-status label-status-427 label label-default\">Golf Zone<\/span><span class=\"label-status label-status-428 label label-default\">Mountains Zone<\/span><span class=\"label label-default label-color-598\">Villas<\/span>                    <\/div>\n                    <h2 class=\"property-title\"><a href=\"https:\/\/www.marbellaskycorp.com\/en\/propierty\/elegant-masterpiece-in-elviria-with-panoramic-sea-views\/\">Elegant masterpiece in Elviria with panoramic sea views<\/a><\/h2>                <\/div>\n                <div class=\"info-row amenities hide-on-grid\">\n                    <p><span>Beds: 5<\/span><span>Baths: 6<\/span><\/p>                    <p>Properties for sale<\/p>\n                <\/div>\n\n                \n            <\/div>\n            <div class=\"body-right table-cell hidden-gird-cell\">\n\n                <div class=\"info-row price\"><span class=\"item-price\">4,750,000 \u20ac<\/span><\/div>\n\n                <div class=\"info-row phone text-right\">\n                    <a href=\"https:\/\/www.marbellaskycorp.com\/en\/propierty\/elegant-masterpiece-in-elviria-with-panoramic-sea-views\/\" class=\"btn btn-primary\">Details <i class=\"fa fa-angle-right fa-right\"><\/i><\/a>\n                <\/div>\n            <\/div>\n\n            <div class=\"table-list full-width hide-on-list\">\n                <div class=\"cell\">\n                    <div class=\"info-row amenities\">\n                        <p><span>Beds: 5<\/span><span>Baths: 6<\/span><\/p>                        <p>Properties for sale<\/p>\n\n                    <\/div>\n                <\/div>\n                <div class=\"cell\">\n                    <div class=\"phone\">\n                        <a href=\"https:\/\/www.marbellaskycorp.com\/en\/propierty\/elegant-masterpiece-in-elviria-with-panoramic-sea-views\/\" class=\"btn btn-primary\"> Details <i class=\"fa fa-angle-right fa-right\"><\/i><\/a>\n                    <\/div>\n                <\/div>\n            <\/div>\n        <\/div>\n    <\/div>\n\n    \n<\/div>\n<div id=\"ID-125496\" class=\"item-wrap infobox_trigger item-front-line-golf-mediterranean-villa-in-la-reserva-de-la-quinta-gated-community\">\n    <div class=\"property-item table-list\">\n        <div class=\"table-cell\">\n            <div class=\"figure-block\">\n                <figure class=\"item-thumb\">\n\n                    \n                    <div class=\"label-wrap label-right hide-on-list\">\n                        <span class=\"label-status label-status-427 label label-default\">Golf Zone<\/span><span class=\"label-status label-status-428 label label-default\">Mountains Zone<\/span><span class=\"label label-default label-color-598\">Villas<\/span>                    <\/div>\n\n                    <div class=\"price hide-on-list\"><span class=\"item-price\">2,895,000 \u20ac<\/span><\/div>\n                    <a class=\"hover-effect\" href=\"https:\/\/www.marbellaskycorp.com\/en\/propierty\/front-line-golf-mediterranean-villa-in-la-reserva-de-la-quinta-gated-community\/\">\n                        <img loading=\"lazy\" decoding=\"async\" width=\"385\" height=\"258\" src=\"https:\/\/www.marbellaskycorp.com\/wp-content\/uploads\/2026\/03\/DSC_9655-Editar-385x258.jpg\" class=\"attachment-houzez-property-thumb-image size-houzez-property-thumb-image wp-post-image\" alt=\"\" srcset=\"https:\/\/www.marbellaskycorp.com\/wp-content\/uploads\/2026\/03\/DSC_9655-Editar-385x258.jpg 385w, https:\/\/www.marbellaskycorp.com\/wp-content\/uploads\/2026\/03\/DSC_9655-Editar-300x200.jpg 300w, https:\/\/www.marbellaskycorp.com\/wp-content\/uploads\/2026\/03\/DSC_9655-Editar-1024x683.jpg 1024w, https:\/\/www.marbellaskycorp.com\/wp-content\/uploads\/2026\/03\/DSC_9655-Editar-768x512.jpg 768w, https:\/\/www.marbellaskycorp.com\/wp-content\/uploads\/2026\/03\/DSC_9655-Editar-1536x1024.jpg 1536w, https:\/\/www.marbellaskycorp.com\/wp-content\/uploads\/2026\/03\/DSC_9655-Editar-2048x1366.jpg 2048w, https:\/\/www.marbellaskycorp.com\/wp-content\/uploads\/2026\/03\/DSC_9655-Editar-150x100.jpg 150w\" sizes=\"auto, (max-width: 385px) 100vw, 385px\" \/>                    <\/a>\n                                    <\/figure>\n            <\/div>\n        <\/div>\n        <div class=\"item-body table-cell\">\n\n            <div class=\"body-left table-cell\">\n                <div class=\"info-row\">\n                    <div class=\"label-wrap hide-on-grid\">\n                        <span class=\"label-status label-status-427 label label-default\">Golf Zone<\/span><span class=\"label-status label-status-428 label label-default\">Mountains Zone<\/span><span class=\"label label-default label-color-598\">Villas<\/span>                    <\/div>\n                    <h2 class=\"property-title\"><a href=\"https:\/\/www.marbellaskycorp.com\/en\/propierty\/front-line-golf-mediterranean-villa-in-la-reserva-de-la-quinta-gated-community\/\">Front line golf Mediterranean villa in la Reserva de la Quinta gated community<\/a><\/h2>                <\/div>\n                <div class=\"info-row amenities hide-on-grid\">\n                    <p><span>Beds: 5<\/span><span>Baths: 5<\/span><\/p>                    <p>Properties for sale<\/p>\n                <\/div>\n\n                \n            <\/div>\n            <div class=\"body-right table-cell hidden-gird-cell\">\n\n                <div class=\"info-row price\"><span class=\"item-price\">2,895,000 \u20ac<\/span><\/div>\n\n                <div class=\"info-row phone text-right\">\n                    <a href=\"https:\/\/www.marbellaskycorp.com\/en\/propierty\/front-line-golf-mediterranean-villa-in-la-reserva-de-la-quinta-gated-community\/\" class=\"btn btn-primary\">Details <i class=\"fa fa-angle-right fa-right\"><\/i><\/a>\n                <\/div>\n            <\/div>\n\n            <div class=\"table-list full-width hide-on-list\">\n                <div class=\"cell\">\n                    <div class=\"info-row amenities\">\n                        <p><span>Beds: 5<\/span><span>Baths: 5<\/span><\/p>                        <p>Properties for sale<\/p>\n\n                    <\/div>\n                <\/div>\n                <div class=\"cell\">\n                    <div class=\"phone\">\n                        <a href=\"https:\/\/www.marbellaskycorp.com\/en\/propierty\/front-line-golf-mediterranean-villa-in-la-reserva-de-la-quinta-gated-community\/\" class=\"btn btn-primary\"> Details <i class=\"fa fa-angle-right fa-right\"><\/i><\/a>\n                    <\/div>\n                <\/div>\n            <\/div>\n        <\/div>\n    <\/div>\n\n    \n<\/div>\n<div id=\"ID-125328\" class=\"item-wrap infobox_trigger item-exceptional-plot-with-panoramic-sea-mountain-views-in-puerto-de-los-almendros-benahavis\">\n    <div class=\"property-item table-list\">\n        <div class=\"table-cell\">\n            <div class=\"figure-block\">\n                <figure class=\"item-thumb\">\n\n                    \n                    <div class=\"label-wrap label-right hide-on-list\">\n                        <span class=\"label-status label-status-427 label label-default\">Golf Zone<\/span><span class=\"label-status label-status-428 label label-default\">Mountains Zone<\/span><span class=\"label label-default label-color-602\">Land &amp; plots<\/span>                    <\/div>\n\n                    <div class=\"price hide-on-list\"><span class=\"item-price\">1,200,000 \u20ac<\/span><\/div>\n                    <a class=\"hover-effect\" href=\"https:\/\/www.marbellaskycorp.com\/en\/propierty\/exceptional-plot-with-panoramic-sea-mountain-views-in-puerto-de-los-almendros-benahavis\/\">\n                        <img loading=\"lazy\" decoding=\"async\" width=\"385\" height=\"258\" src=\"https:\/\/www.marbellaskycorp.com\/wp-content\/uploads\/2026\/03\/1-385x258.jpg\" class=\"attachment-houzez-property-thumb-image size-houzez-property-thumb-image wp-post-image\" alt=\"\" \/>                    <\/a>\n                                    <\/figure>\n            <\/div>\n        <\/div>\n        <div class=\"item-body table-cell\">\n\n            <div class=\"body-left table-cell\">\n                <div class=\"info-row\">\n                    <div class=\"label-wrap hide-on-grid\">\n                        <span class=\"label-status label-status-427 label label-default\">Golf Zone<\/span><span class=\"label-status label-status-428 label label-default\">Mountains Zone<\/span><span class=\"label label-default label-color-602\">Land &amp; plots<\/span>                    <\/div>\n                    <h2 class=\"property-title\"><a href=\"https:\/\/www.marbellaskycorp.com\/en\/propierty\/exceptional-plot-with-panoramic-sea-mountain-views-in-puerto-de-los-almendros-benahavis\/\">Exceptional Plot with Panoramic Sea &#038; Mountain Views in Puerto de Los Almendros, Benahav\u00eds<\/a><\/h2>                <\/div>\n                <div class=\"info-row amenities hide-on-grid\">\n                                        <p>Investments, Properties for sale<\/p>\n                <\/div>\n\n                \n            <\/div>\n            <div class=\"body-right table-cell hidden-gird-cell\">\n\n                <div class=\"info-row price\"><span class=\"item-price\">1,200,000 \u20ac<\/span><\/div>\n\n                <div class=\"info-row phone text-right\">\n                    <a href=\"https:\/\/www.marbellaskycorp.com\/en\/propierty\/exceptional-plot-with-panoramic-sea-mountain-views-in-puerto-de-los-almendros-benahavis\/\" class=\"btn btn-primary\">Details <i class=\"fa fa-angle-right fa-right\"><\/i><\/a>\n                <\/div>\n            <\/div>\n\n            <div class=\"table-list full-width hide-on-list\">\n                <div class=\"cell\">\n                    <div class=\"info-row amenities\">\n                                                <p>Investments, Properties for sale<\/p>\n\n                    <\/div>\n                <\/div>\n                <div class=\"cell\">\n                    <div class=\"phone\">\n                        <a href=\"https:\/\/www.marbellaskycorp.com\/en\/propierty\/exceptional-plot-with-panoramic-sea-mountain-views-in-puerto-de-los-almendros-benahavis\/\" class=\"btn btn-primary\"> Details <i class=\"fa fa-angle-right fa-right\"><\/i><\/a>\n                    <\/div>\n                <\/div>\n            <\/div>\n        <\/div>\n    <\/div>\n\n    \n<\/div>\n<div id=\"ID-125166\" class=\"item-wrap infobox_trigger item-modern-villa-in-the-gated-community-of-el-madronal-in-benahavis\">\n    <div class=\"property-item table-list\">\n        <div class=\"table-cell\">\n            <div class=\"figure-block\">\n                <figure class=\"item-thumb\">\n\n                    \n                    <div class=\"label-wrap label-right hide-on-list\">\n                        <span class=\"label-status label-status-427 label label-default\">Golf Zone<\/span><span class=\"label-status label-status-428 label label-default\">Mountains Zone<\/span><span class=\"label label-default label-color-598\">Villas<\/span>                    <\/div>\n\n                    <div class=\"price hide-on-list\"><span class=\"item-price\">8,995,000 \u20ac<\/span><\/div>\n                    <a class=\"hover-effect\" href=\"https:\/\/www.marbellaskycorp.com\/en\/propierty\/modern-villa-in-the-gated-community-of-el-madronal-in-benahavis\/\">\n                        <img loading=\"lazy\" decoding=\"async\" width=\"385\" height=\"258\" src=\"https:\/\/www.marbellaskycorp.com\/wp-content\/uploads\/2026\/03\/MadronalGate6_Small-76-of-81-1-385x258.jpg\" class=\"attachment-houzez-property-thumb-image size-houzez-property-thumb-image wp-post-image\" alt=\"\" \/>                    <\/a>\n                                    <\/figure>\n            <\/div>\n        <\/div>\n        <div class=\"item-body table-cell\">\n\n            <div class=\"body-left table-cell\">\n                <div class=\"info-row\">\n                    <div class=\"label-wrap hide-on-grid\">\n                        <span class=\"label-status label-status-427 label label-default\">Golf Zone<\/span><span class=\"label-status label-status-428 label label-default\">Mountains Zone<\/span><span class=\"label label-default label-color-598\">Villas<\/span>                    <\/div>\n                    <h2 class=\"property-title\"><a href=\"https:\/\/www.marbellaskycorp.com\/en\/propierty\/modern-villa-in-the-gated-community-of-el-madronal-in-benahavis\/\">Modern villa in the gated community of El Madro\u00f1al in Benahavis<\/a><\/h2>                <\/div>\n                <div class=\"info-row amenities hide-on-grid\">\n                    <p><span>Beds: 5<\/span><span>Baths: 5<\/span><\/p>                    <p>Properties for sale<\/p>\n                <\/div>\n\n                \n            <\/div>\n            <div class=\"body-right table-cell hidden-gird-cell\">\n\n                <div class=\"info-row price\"><span class=\"item-price\">8,995,000 \u20ac<\/span><\/div>\n\n                <div class=\"info-row phone text-right\">\n                    <a href=\"https:\/\/www.marbellaskycorp.com\/en\/propierty\/modern-villa-in-the-gated-community-of-el-madronal-in-benahavis\/\" class=\"btn btn-primary\">Details <i class=\"fa fa-angle-right fa-right\"><\/i><\/a>\n                <\/div>\n            <\/div>\n\n            <div class=\"table-list full-width hide-on-list\">\n                <div class=\"cell\">\n                    <div class=\"info-row amenities\">\n                        <p><span>Beds: 5<\/span><span>Baths: 5<\/span><\/p>                        <p>Properties for sale<\/p>\n\n                    <\/div>\n                <\/div>\n                <div class=\"cell\">\n                    <div class=\"phone\">\n                        <a href=\"https:\/\/www.marbellaskycorp.com\/en\/propierty\/modern-villa-in-the-gated-community-of-el-madronal-in-benahavis\/\" class=\"btn btn-primary\"> Details <i class=\"fa fa-angle-right fa-right\"><\/i><\/a>\n                    <\/div>\n                <\/div>\n            <\/div>\n        <\/div>\n    <\/div>\n\n    \n<\/div>\n<div id=\"ID-124978\" class=\"item-wrap infobox_trigger item-modern-villa-in-haza-del-conde-nueva-andalucia-marbella\">\n    <div class=\"property-item table-list\">\n        <div class=\"table-cell\">\n            <div class=\"figure-block\">\n                <figure class=\"item-thumb\">\n\n                    \n                    <div class=\"label-wrap label-right hide-on-list\">\n                        <span class=\"label-status label-status-427 label label-default\">Golf Zone<\/span><span class=\"label-status label-status-428 label label-default\">Mountains Zone<\/span><span class=\"label label-default label-color-598\">Villas<\/span>                    <\/div>\n\n                    <div class=\"price hide-on-list\"><span class=\"item-price\">4,190,000 \u20ac<\/span><\/div>\n                    <a class=\"hover-effect\" href=\"https:\/\/www.marbellaskycorp.com\/en\/propierty\/modern-villa-in-haza-del-conde-nueva-andalucia-marbella\/\">\n                        <img loading=\"lazy\" decoding=\"async\" width=\"385\" height=\"258\" src=\"https:\/\/www.marbellaskycorp.com\/wp-content\/uploads\/2026\/03\/LosOlivos16_Large-50-385x258.jpg\" class=\"attachment-houzez-property-thumb-image size-houzez-property-thumb-image wp-post-image\" alt=\"\" \/>                    <\/a>\n                                    <\/figure>\n            <\/div>\n        <\/div>\n        <div class=\"item-body table-cell\">\n\n            <div class=\"body-left table-cell\">\n                <div class=\"info-row\">\n                    <div class=\"label-wrap hide-on-grid\">\n                        <span class=\"label-status label-status-427 label label-default\">Golf Zone<\/span><span class=\"label-status label-status-428 label label-default\">Mountains Zone<\/span><span class=\"label label-default label-color-598\">Villas<\/span>                    <\/div>\n                    <h2 class=\"property-title\"><a href=\"https:\/\/www.marbellaskycorp.com\/en\/propierty\/modern-villa-in-haza-del-conde-nueva-andalucia-marbella\/\">Modern villa in Haza del Conde, Nueva Andalucia, Marbella<\/a><\/h2>                <\/div>\n                <div class=\"info-row amenities hide-on-grid\">\n                    <p><span>Beds: 6<\/span><span>Baths: 6<\/span><\/p>                    <p>Properties for sale<\/p>\n                <\/div>\n\n                \n            <\/div>\n            <div class=\"body-right table-cell hidden-gird-cell\">\n\n                <div class=\"info-row price\"><span class=\"item-price\">4,190,000 \u20ac<\/span><\/div>\n\n                <div class=\"info-row phone text-right\">\n                    <a href=\"https:\/\/www.marbellaskycorp.com\/en\/propierty\/modern-villa-in-haza-del-conde-nueva-andalucia-marbella\/\" class=\"btn btn-primary\">Details <i class=\"fa fa-angle-right fa-right\"><\/i><\/a>\n                <\/div>\n            <\/div>\n\n            <div class=\"table-list full-width hide-on-list\">\n                <div class=\"cell\">\n                    <div class=\"info-row amenities\">\n                        <p><span>Beds: 6<\/span><span>Baths: 6<\/span><\/p>                        <p>Properties for sale<\/p>\n\n                    <\/div>\n                <\/div>\n                <div class=\"cell\">\n                    <div class=\"phone\">\n                        <a href=\"https:\/\/www.marbellaskycorp.com\/en\/propierty\/modern-villa-in-haza-del-conde-nueva-andalucia-marbella\/\" class=\"btn btn-primary\"> Details <i class=\"fa fa-angle-right fa-right\"><\/i><\/a>\n                    <\/div>\n                <\/div>\n            <\/div>\n        <\/div>\n    <\/div>\n\n    \n<\/div>\r\n\t\t\t\t<\/div>\r\n\t\t\t\t<!-- end container-content -->\r\n\t\t\t<\/div>\r\n\t\t\t<div class=\"clearfix\"><\/div>\r\n\t\t\t        <div id=\"fave-pagination-loadmore\" class=\"pagination-wrap fave-load-more\">\n            <div class=\"pagination\">\n                <a href=\"https:\/\/www.marbellaskycorp.com\/en\/wp-json\/wp\/v2\/pages\/3745\/page\/2\/\">Load More<\/a>            <\/div>\n        <\/div>\n\t\t<\/div>\r\n\r\n\t\t[\/vc_column_text][\/vc_column][\/vc_row]<\/p>\n","protected":false},"excerpt":{"rendered":"<p>[vc_row][vc_column][vc_empty_space height=&#8221;60px&#8221;][vc_column_text] PROPERTIES\u00a0FOR SALE MIJAS COSTA &#8211; MARBELLA &#8211; GUADALMINA &#8211; LA MILLA DE ORO &#8211; NUEVA ANDALUC\u00cdA &#8211; SAN PEDRO DE ALC\u00c1NTARA &#8211; PUERTO BAN\u00daS CASASOLA &#8211; BENAHAVIS &#8211; LA ALQUER\u00cdA &#8211; LA QUINTA &#8211; LOS FLAMINGOS &#8211; EL MADRO\u00d1AL &#8211; ESTEPONA &#8211; LA ZAGALETA &#8211; CASARES [\/vc_column_text][\/vc_column][\/vc_row][vc_row][vc_column][vc_column_text][\/vc_column_text][\/vc_column][\/vc_row]<\/p>\n","protected":false},"author":1,"featured_media":0,"parent":3736,"menu_order":0,"comment_status":"closed","ping_status":"closed","template":"template\/template-onepage.php","meta":{"footnotes":""},"class_list":["post-3745","page","type-page","status-publish","hentry"],"acf":[],"aioseo_notices":[],"_links":{"self":[{"href":"https:\/\/www.marbellaskycorp.com\/en\/wp-json\/wp\/v2\/pages\/3745\/"}],"collection":[{"href":"https:\/\/www.marbellaskycorp.com\/en\/wp-json\/wp\/v2\/pages\/"}],"about":[{"href":"https:\/\/www.marbellaskycorp.com\/en\/wp-json\/wp\/v2\/types\/page\/"}],"author":[{"embeddable":true,"href":"https:\/\/www.marbellaskycorp.com\/en\/wp-json\/wp\/v2\/users\/1\/"}],"replies":[{"embeddable":true,"href":"https:\/\/www.marbellaskycorp.com\/en\/wp-json\/wp\/v2\/comments\/?post=3745"}],"version-history":[{"count":0,"href":"https:\/\/www.marbellaskycorp.com\/en\/wp-json\/wp\/v2\/pages\/3745\/revisions\/"}],"up":[{"embeddable":true,"href":"https:\/\/www.marbellaskycorp.com\/en\/wp-json\/wp\/v2\/pages\/3736\/"}],"wp:attachment":[{"href":"https:\/\/www.marbellaskycorp.com\/en\/wp-json\/wp\/v2\/media\/?parent=3745"}],"curies":[{"name":"wp","href":"https:\/\/api.w.org\/{rel}","templated":true}]}}